{"id":876,"date":"2021-02-17T09:38:14","date_gmt":"2021-02-17T09:38:14","guid":{"rendered":"http:\/\/masquetennis.es\/?page_id=876"},"modified":"2021-06-01T10:55:08","modified_gmt":"2021-06-01T10:55:08","slug":"jp-fase-iv","status":"publish","type":"page","link":"https:\/\/masquetennis.es\/index.php\/tformativos\/jp-fase-iv\/","title":{"rendered":"JP Fase IV"},"content":{"rendered":"\t\t<div data-elementor-type=\"wp-page\" data-elementor-id=\"876\" class=\"elementor elementor-876\" data-elementor-post-type=\"page\">\n\t\t\t\t\t\t<section class=\"elementor-section elementor-top-section elementor-element elementor-element-c5d9286 elementor-section-boxed elementor-section-height-default elementor-section-height-default\" data-id=\"c5d9286\" data-element_type=\"section\" data-e-type=\"section\">\n\t\t\t\t\t\t<div class=\"elementor-container elementor-column-gap-default\">\n\t\t\t\t\t<div class=\"elementor-column elementor-col-100 elementor-top-column elementor-element elementor-element-8d81f5c\" data-id=\"8d81f5c\" data-element_type=\"column\" data-e-type=\"column\">\n\t\t\t<div class=\"elementor-widget-wrap elementor-element-populated\">\n\t\t\t\t\t\t<div class=\"elementor-element elementor-element-84023d9 elementor-widget elementor-widget-heading\" data-id=\"84023d9\" data-element_type=\"widget\" data-e-type=\"widget\" data-widget_type=\"heading.default\">\n\t\t\t\t<div class=\"elementor-widget-container\">\n\t\t\t\t\t<h2 class=\"elementor-heading-title elementor-size-default\">II CIRCUITO MASQUETENNIS<br>JOVENES PROMESAS WAGEN MOTORS<\/h2>\t\t\t\t<\/div>\n\t\t\t\t<\/div>\n\t\t\t\t<div class=\"elementor-element elementor-element-8d947b0 elementor-widget-divider--view-line elementor-widget elementor-widget-divider\" data-id=\"8d947b0\" data-element_type=\"widget\" data-e-type=\"widget\" data-widget_type=\"divider.default\">\n\t\t\t\t<div class=\"elementor-widget-container\">\n\t\t\t\t\t\t\t<div class=\"elementor-divider\">\n\t\t\t<span class=\"elementor-divider-separator\">\n\t\t\t\t\t\t<\/span>\n\t\t<\/div>\n\t\t\t\t\t\t<\/div>\n\t\t\t\t<\/div>\n\t\t\t\t<div class=\"elementor-element elementor-element-5edca0a elementor-widget elementor-widget-image\" data-id=\"5edca0a\" data-element_type=\"widget\" data-e-type=\"widget\" data-widget_type=\"image.default\">\n\t\t\t\t<div class=\"elementor-widget-container\">\n\t\t\t\t\t\t\t\t\t\t\t\t\t\t\t<img fetchpriority=\"high\" decoding=\"async\" width=\"724\" height=\"1024\" src=\"https:\/\/masquetennis.es\/wp-content\/uploads\/2021\/03\/jpwm_fase_VI.jpeg\" class=\"attachment-large size-large wp-image-908\" alt=\"\" srcset=\"https:\/\/masquetennis.es\/wp-content\/uploads\/2021\/03\/jpwm_fase_VI.jpeg 724w, https:\/\/masquetennis.es\/wp-content\/uploads\/2021\/03\/jpwm_fase_VI-212x300.jpeg 212w\" sizes=\"(max-width: 724px) 100vw, 724px\" \/>\t\t\t\t\t\t\t\t\t\t\t\t\t\t\t<\/div>\n\t\t\t\t<\/div>\n\t\t\t\t<div class=\"elementor-element elementor-element-ced3b63 elementor-widget elementor-widget-heading\" data-id=\"ced3b63\" data-element_type=\"widget\" data-e-type=\"widget\" data-widget_type=\"heading.default\">\n\t\t\t\t<div class=\"elementor-widget-container\">\n\t\t\t\t\t<h2 class=\"elementor-heading-title elementor-size-default\">10-11 y 17-18 de Abril.<br><br>Club de Tenis Albacete. Inscripciones hasta el 26 de Marzo<br><br>Inscripciones: 5\u20ac ya inscritos al torneo \/ 12\u20ac por fases sueltas.<\/h2>\t\t\t\t<\/div>\n\t\t\t\t<\/div>\n\t\t\t\t<div class=\"elementor-element elementor-element-e87ae6f elementor-widget elementor-widget-heading\" data-id=\"e87ae6f\" data-element_type=\"widget\" data-e-type=\"widget\" data-widget_type=\"heading.default\">\n\t\t\t\t<div class=\"elementor-widget-container\">\n\t\t\t\t\t<h2 class=\"elementor-heading-title elementor-size-default\">ORDEN DE JUEGO 10-11 MARZO<\/h2>\t\t\t\t<\/div>\n\t\t\t\t<\/div>\n\t\t\t\t<div class=\"elementor-element elementor-element-08cc4a5 elementor-widget-divider--view-line elementor-widget elementor-widget-divider\" data-id=\"08cc4a5\" data-element_type=\"widget\" data-e-type=\"widget\" data-widget_type=\"divider.default\">\n\t\t\t\t<div class=\"elementor-widget-container\">\n\t\t\t\t\t\t\t<div class=\"elementor-divider\">\n\t\t\t<span class=\"elementor-divider-separator\">\n\t\t\t\t\t\t<\/span>\n\t\t<\/div>\n\t\t\t\t\t\t<\/div>\n\t\t\t\t<\/div>\n\t\t\t\t<div class=\"elementor-element elementor-element-4438994 elementor-align-center elementor-icon-list--layout-traditional elementor-list-item-link-full_width elementor-widget elementor-widget-icon-list\" data-id=\"4438994\" data-element_type=\"widget\" data-e-type=\"widget\" data-widget_type=\"icon-list.default\">\n\t\t\t\t<div class=\"elementor-widget-container\">\n\t\t\t\t\t\t\t<ul class=\"elementor-icon-list-items\">\n\t\t\t\t\t\t\t<li class=\"elementor-icon-list-item\">\n\t\t\t\t\t\t\t\t\t\t\t<a href=\"http:\/\/masquetennis.es\/wp-content\/uploads\/2021\/04\/lista_mas_fem_sub_10.pdf\" target=\"_blank\">\n\n\t\t\t\t\t\t\t\t\t\t\t\t<span class=\"elementor-icon-list-icon\">\n\t\t\t\t\t\t\t<i aria-hidden=\"true\" class=\"far fa-calendar-alt\"><\/i>\t\t\t\t\t\t<\/span>\n\t\t\t\t\t\t\t\t\t\t<span class=\"elementor-icon-list-text\">Inscripciones Categor\u00eda SUB 10<\/span>\n\t\t\t\t\t\t\t\t\t\t\t<\/a>\n\t\t\t\t\t\t\t\t\t<\/li>\n\t\t\t\t\t\t\t\t<li class=\"elementor-icon-list-item\">\n\t\t\t\t\t\t\t\t\t\t\t<a href=\"http:\/\/masquetennis.es\/wp-content\/uploads\/2021\/04\/lista_mas_fem_sub_10.pdf\" target=\"_blank\">\n\n\t\t\t\t\t\t\t\t\t\t\t\t<span class=\"elementor-icon-list-icon\">\n\t\t\t\t\t\t\t<i aria-hidden=\"true\" class=\"far fa-calendar-alt\"><\/i>\t\t\t\t\t\t<\/span>\n\t\t\t\t\t\t\t\t\t\t<span class=\"elementor-icon-list-text\">Inscripciones Categor\u00eda SUB 10<\/span>\n\t\t\t\t\t\t\t\t\t\t\t<\/a>\n\t\t\t\t\t\t\t\t\t<\/li>\n\t\t\t\t\t\t<\/ul>\n\t\t\t\t\t\t<\/div>\n\t\t\t\t<\/div>\n\t\t\t\t<div class=\"elementor-element elementor-element-919075b elementor-widget elementor-widget-heading\" data-id=\"919075b\" data-element_type=\"widget\" data-e-type=\"widget\" data-widget_type=\"heading.default\">\n\t\t\t\t<div class=\"elementor-widget-container\">\n\t\t\t\t\t<h2 class=\"elementor-heading-title elementor-size-default\">INSCRIPCIONES<\/h2>\t\t\t\t<\/div>\n\t\t\t\t<\/div>\n\t\t\t\t<div class=\"elementor-element elementor-element-4daa4d3 elementor-widget-divider--view-line elementor-widget elementor-widget-divider\" data-id=\"4daa4d3\" data-element_type=\"widget\" data-e-type=\"widget\" data-widget_type=\"divider.default\">\n\t\t\t\t<div class=\"elementor-widget-container\">\n\t\t\t\t\t\t\t<div class=\"elementor-divider\">\n\t\t\t<span class=\"elementor-divider-separator\">\n\t\t\t\t\t\t<\/span>\n\t\t<\/div>\n\t\t\t\t\t\t<\/div>\n\t\t\t\t<\/div>\n\t\t\t\t<div class=\"elementor-element elementor-element-271a75f elementor-align-center elementor-icon-list--layout-traditional elementor-list-item-link-full_width elementor-widget elementor-widget-icon-list\" data-id=\"271a75f\" data-element_type=\"widget\" data-e-type=\"widget\" data-widget_type=\"icon-list.default\">\n\t\t\t\t<div class=\"elementor-widget-container\">\n\t\t\t\t\t\t\t<ul class=\"elementor-icon-list-items\">\n\t\t\t\t\t\t\t<li class=\"elementor-icon-list-item\">\n\t\t\t\t\t\t\t\t\t\t\t<a href=\"http:\/\/masquetennis.es\/wp-content\/uploads\/2021\/04\/lista_mas_fem_sub_10.pdf\" target=\"_blank\">\n\n\t\t\t\t\t\t\t\t\t\t\t\t<span class=\"elementor-icon-list-icon\">\n\t\t\t\t\t\t\t<i aria-hidden=\"true\" class=\"far fa-clipboard\"><\/i>\t\t\t\t\t\t<\/span>\n\t\t\t\t\t\t\t\t\t\t<span class=\"elementor-icon-list-text\">Inscripciones Categor\u00eda SUB 10<\/span>\n\t\t\t\t\t\t\t\t\t\t\t<\/a>\n\t\t\t\t\t\t\t\t\t<\/li>\n\t\t\t\t\t\t\t\t<li class=\"elementor-icon-list-item\">\n\t\t\t\t\t\t\t\t\t\t\t<a href=\"http:\/\/masquetennis.es\/wp-content\/uploads\/2021\/04\/lista_mas_fem_alevin.pdf\" target=\"_blank\">\n\n\t\t\t\t\t\t\t\t\t\t\t\t<span class=\"elementor-icon-list-icon\">\n\t\t\t\t\t\t\t<i aria-hidden=\"true\" class=\"far fa-clipboard\"><\/i>\t\t\t\t\t\t<\/span>\n\t\t\t\t\t\t\t\t\t\t<span class=\"elementor-icon-list-text\">Inscripciones Categor\u00eda ALEVIN<\/span>\n\t\t\t\t\t\t\t\t\t\t\t<\/a>\n\t\t\t\t\t\t\t\t\t<\/li>\n\t\t\t\t\t\t\t\t<li class=\"elementor-icon-list-item\">\n\t\t\t\t\t\t\t\t\t\t\t<a href=\"http:\/\/masquetennis.es\/wp-content\/uploads\/2021\/04\/lista_mas_infantil.pdf\" target=\"_blank\">\n\n\t\t\t\t\t\t\t\t\t\t\t\t<span class=\"elementor-icon-list-icon\">\n\t\t\t\t\t\t\t<i aria-hidden=\"true\" class=\"far fa-clipboard\"><\/i>\t\t\t\t\t\t<\/span>\n\t\t\t\t\t\t\t\t\t\t<span class=\"elementor-icon-list-text\">Inscripciones Categor\u00eda INFANTIL<\/span>\n\t\t\t\t\t\t\t\t\t\t\t<\/a>\n\t\t\t\t\t\t\t\t\t<\/li>\n\t\t\t\t\t\t\t\t<li class=\"elementor-icon-list-item\">\n\t\t\t\t\t\t\t\t\t\t\t<a href=\"http:\/\/masquetennis.es\/wp-content\/uploads\/2021\/04\/lista_fem_cad.pdf\" target=\"_blank\">\n\n\t\t\t\t\t\t\t\t\t\t\t\t<span class=\"elementor-icon-list-icon\">\n\t\t\t\t\t\t\t<i aria-hidden=\"true\" class=\"far fa-clipboard\"><\/i>\t\t\t\t\t\t<\/span>\n\t\t\t\t\t\t\t\t\t\t<span class=\"elementor-icon-list-text\">Inscripciones Categor\u00eda CADETE FEMENINO<\/span>\n\t\t\t\t\t\t\t\t\t\t\t<\/a>\n\t\t\t\t\t\t\t\t\t<\/li>\n\t\t\t\t\t\t\t\t<li class=\"elementor-icon-list-item\">\n\t\t\t\t\t\t\t\t\t\t\t<a href=\"http:\/\/masquetennis.es\/wp-content\/uploads\/2021\/04\/lista_mas_cad_jun.pdf\" target=\"_blank\">\n\n\t\t\t\t\t\t\t\t\t\t\t\t<span class=\"elementor-icon-list-icon\">\n\t\t\t\t\t\t\t<i aria-hidden=\"true\" class=\"far fa-clipboard\"><\/i>\t\t\t\t\t\t<\/span>\n\t\t\t\t\t\t\t\t\t\t<span class=\"elementor-icon-list-text\">Inscripciones Categor\u00eda CADETE y JUNIOR<\/span>\n\t\t\t\t\t\t\t\t\t\t\t<\/a>\n\t\t\t\t\t\t\t\t\t<\/li>\n\t\t\t\t\t\t<\/ul>\n\t\t\t\t\t\t<\/div>\n\t\t\t\t<\/div>\n\t\t\t\t<div class=\"elementor-element elementor-element-2e3b0e8 elementor-widget-divider--view-line elementor-widget elementor-widget-divider\" data-id=\"2e3b0e8\" data-element_type=\"widget\" data-e-type=\"widget\" data-widget_type=\"divider.default\">\n\t\t\t\t<div class=\"elementor-widget-container\">\n\t\t\t\t\t\t\t<div class=\"elementor-divider\">\n\t\t\t<span class=\"elementor-divider-separator\">\n\t\t\t\t\t\t<\/span>\n\t\t<\/div>\n\t\t\t\t\t\t<\/div>\n\t\t\t\t<\/div>\n\t\t\t\t\t<\/div>\n\t\t<\/div>\n\t\t\t\t\t<\/div>\n\t\t<\/section>\n\t\t\t\t<\/div>\n\t\t","protected":false},"excerpt":{"rendered":"<p>II CIRCUITO MASQUETENNIS JOVENES PROMESAS WAGEN MOTORS 10-11 y 17-18 de Abril. Club de Tenis Albacete. Inscripciones hasta el 26 de Marzo Inscripciones: 5\u20ac ya inscritos al torneo \/ 12\u20ac por fases sueltas. ORDEN DE JUEGO 10-11 MARZO Inscripciones Categor\u00eda SUB 10 Inscripciones Categor\u00eda SUB 10 INSCRIPCIONES Inscripciones Categor\u00eda SUB 10 Inscripciones Categor\u00eda ALEVIN Inscripciones [&hellip;]<\/p>\n","protected":false},"author":1,"featured_media":0,"parent":465,"menu_order":4,"comment_status":"closed","ping_status":"closed","template":"","meta":{"ocean_post_layout":"full-screen","ocean_both_sidebars_style":"","ocean_both_sidebars_content_width":0,"ocean_both_sidebars_sidebars_width":0,"ocean_sidebar":"0","ocean_second_sidebar":"0","ocean_disable_margins":"enable","ocean_add_body_class":"","ocean_shortcode_before_top_bar":"","ocean_shortcode_after_top_bar":"","ocean_shortcode_before_header":"","ocean_shortcode_after_header":"","ocean_has_shortcode":"","ocean_shortcode_after_title":"","ocean_shortcode_before_footer_widgets":"","ocean_shortcode_after_footer_widgets":"","ocean_shortcode_before_footer_bottom":"","ocean_shortcode_after_footer_bottom":"","ocean_display_top_bar":"default","ocean_display_header":"default","ocean_header_style":"","ocean_center_header_left_menu":"0","ocean_custom_header_template":"0","ocean_custom_logo":0,"ocean_custom_retina_logo":0,"ocean_custom_logo_max_width":0,"ocean_custom_logo_tablet_max_width":0,"ocean_custom_logo_mobile_max_width":0,"ocean_custom_logo_max_height":0,"ocean_custom_logo_tablet_max_height":0,"ocean_custom_logo_mobile_max_height":0,"ocean_header_custom_menu":"0","ocean_menu_typo_font_family":"0","ocean_menu_typo_font_subset":"","ocean_menu_typo_font_size":0,"ocean_menu_typo_font_size_tablet":0,"ocean_menu_typo_font_size_mobile":0,"ocean_menu_typo_font_size_unit":"px","ocean_menu_typo_font_weight":"","ocean_menu_typo_font_weight_tablet":"","ocean_menu_typo_font_weight_mobile":"","ocean_menu_typo_transform":"","ocean_menu_typo_transform_tablet":"","ocean_menu_typo_transform_mobile":"","ocean_menu_typo_line_height":0,"ocean_menu_typo_line_height_tablet":0,"ocean_menu_typo_line_height_mobile":0,"ocean_menu_typo_line_height_unit":"","ocean_menu_typo_spacing":0,"ocean_menu_typo_spacing_tablet":0,"ocean_menu_typo_spacing_mobile":0,"ocean_menu_typo_spacing_unit":"","ocean_menu_link_color":"","ocean_menu_link_color_hover":"","ocean_menu_link_color_active":"","ocean_menu_link_background":"","ocean_menu_link_hover_background":"","ocean_menu_link_active_background":"","ocean_menu_social_links_bg":"","ocean_menu_social_hover_links_bg":"","ocean_menu_social_links_color":"","ocean_menu_social_hover_links_color":"","ocean_disable_title":"on","ocean_disable_heading":"default","ocean_post_title":"","ocean_post_subheading":"","ocean_post_title_style":"","ocean_post_title_background_color":"","ocean_post_title_background":0,"ocean_post_title_bg_image_position":"","ocean_post_title_bg_image_attachment":"","ocean_post_title_bg_image_repeat":"","ocean_post_title_bg_image_size":"","ocean_post_title_height":0,"ocean_post_title_bg_overlay":0.5,"ocean_post_title_bg_overlay_color":"","ocean_disable_breadcrumbs":"default","ocean_breadcrumbs_color":"","ocean_breadcrumbs_separator_color":"","ocean_breadcrumbs_links_color":"","ocean_breadcrumbs_links_hover_color":"","ocean_display_footer_widgets":"default","ocean_display_footer_bottom":"default","ocean_custom_footer_template":"0","footnotes":""},"class_list":["post-876","page","type-page","status-publish","hentry","entry"],"yoast_head":"<!-- This site is optimized with the Yoast SEO plugin v24.2 - https:\/\/yoast.com\/wordpress\/plugins\/seo\/ -->\n<title>JP Fase IV - MasQueTennis<\/title>\n<meta name=\"robots\" content=\"index, follow, max-snippet:-1, max-image-preview:large, max-video-preview:-1\" \/>\n<link rel=\"canonical\" href=\"https:\/\/masquetennis.es\/index.php\/tformativos\/jp-fase-iv\/\" \/>\n<meta property=\"og:locale\" content=\"es_ES\" \/>\n<meta property=\"og:type\" content=\"article\" \/>\n<meta property=\"og:title\" content=\"JP Fase IV - MasQueTennis\" \/>\n<meta property=\"og:description\" content=\"II CIRCUITO MASQUETENNIS JOVENES PROMESAS WAGEN MOTORS 10-11 y 17-18 de Abril. Club de Tenis Albacete. Inscripciones hasta el 26 de Marzo Inscripciones: 5\u20ac ya inscritos al torneo \/ 12\u20ac por fases sueltas. ORDEN DE JUEGO 10-11 MARZO Inscripciones Categor\u00eda SUB 10 Inscripciones Categor\u00eda SUB 10 INSCRIPCIONES Inscripciones Categor\u00eda SUB 10 Inscripciones Categor\u00eda ALEVIN Inscripciones [&hellip;]\" \/>\n<meta property=\"og:url\" content=\"https:\/\/masquetennis.es\/index.php\/tformativos\/jp-fase-iv\/\" \/>\n<meta property=\"og:site_name\" content=\"MasQueTennis\" \/>\n<meta property=\"article:modified_time\" content=\"2021-06-01T10:55:08+00:00\" \/>\n<meta property=\"og:image\" content=\"http:\/\/masquetennis.es\/wp-content\/uploads\/2021\/03\/jpwm_fase_VI.jpeg\" \/>\n<meta name=\"twitter:card\" content=\"summary_large_image\" \/>\n<script type=\"application\/ld+json\" class=\"yoast-schema-graph\">{\"@context\":\"https:\/\/schema.org\",\"@graph\":[{\"@type\":\"WebPage\",\"@id\":\"https:\/\/masquetennis.es\/index.php\/tformativos\/jp-fase-iv\/\",\"url\":\"https:\/\/masquetennis.es\/index.php\/tformativos\/jp-fase-iv\/\",\"name\":\"JP Fase IV - MasQueTennis\",\"isPartOf\":{\"@id\":\"https:\/\/masquetennis.es\/#website\"},\"primaryImageOfPage\":{\"@id\":\"https:\/\/masquetennis.es\/index.php\/tformativos\/jp-fase-iv\/#primaryimage\"},\"image\":{\"@id\":\"https:\/\/masquetennis.es\/index.php\/tformativos\/jp-fase-iv\/#primaryimage\"},\"thumbnailUrl\":\"http:\/\/masquetennis.es\/wp-content\/uploads\/2021\/03\/jpwm_fase_VI.jpeg\",\"datePublished\":\"2021-02-17T09:38:14+00:00\",\"dateModified\":\"2021-06-01T10:55:08+00:00\",\"breadcrumb\":{\"@id\":\"https:\/\/masquetennis.es\/index.php\/tformativos\/jp-fase-iv\/#breadcrumb\"},\"inLanguage\":\"es\",\"potentialAction\":[{\"@type\":\"ReadAction\",\"target\":[\"https:\/\/masquetennis.es\/index.php\/tformativos\/jp-fase-iv\/\"]}]},{\"@type\":\"ImageObject\",\"inLanguage\":\"es\",\"@id\":\"https:\/\/masquetennis.es\/index.php\/tformativos\/jp-fase-iv\/#primaryimage\",\"url\":\"https:\/\/masquetennis.es\/wp-content\/uploads\/2021\/03\/jpwm_fase_VI.jpeg\",\"contentUrl\":\"https:\/\/masquetennis.es\/wp-content\/uploads\/2021\/03\/jpwm_fase_VI.jpeg\",\"width\":724,\"height\":1024},{\"@type\":\"BreadcrumbList\",\"@id\":\"https:\/\/masquetennis.es\/index.php\/tformativos\/jp-fase-iv\/#breadcrumb\",\"itemListElement\":[{\"@type\":\"ListItem\",\"position\":1,\"name\":\"Portada\",\"item\":\"https:\/\/masquetennis.es\/\"},{\"@type\":\"ListItem\",\"position\":2,\"name\":\"Torneos Formativos\",\"item\":\"https:\/\/masquetennis.es\/index.php\/tformativos\/\"},{\"@type\":\"ListItem\",\"position\":3,\"name\":\"JP Fase IV\"}]},{\"@type\":\"WebSite\",\"@id\":\"https:\/\/masquetennis.es\/#website\",\"url\":\"https:\/\/masquetennis.es\/\",\"name\":\"www.masquetennis.es\",\"description\":\"Formando personas a trav\u00e9s del Tenis\",\"publisher\":{\"@id\":\"https:\/\/masquetennis.es\/#organization\"},\"potentialAction\":[{\"@type\":\"SearchAction\",\"target\":{\"@type\":\"EntryPoint\",\"urlTemplate\":\"https:\/\/masquetennis.es\/?s={search_term_string}\"},\"query-input\":{\"@type\":\"PropertyValueSpecification\",\"valueRequired\":true,\"valueName\":\"search_term_string\"}}],\"inLanguage\":\"es\"},{\"@type\":\"Organization\",\"@id\":\"https:\/\/masquetennis.es\/#organization\",\"name\":\"MasQueTennis\",\"url\":\"https:\/\/masquetennis.es\/\",\"logo\":{\"@type\":\"ImageObject\",\"inLanguage\":\"es\",\"@id\":\"https:\/\/masquetennis.es\/#\/schema\/logo\/image\/\",\"url\":\"https:\/\/masquetennis.es\/wp-content\/uploads\/2021\/04\/logo_ret.png\",\"contentUrl\":\"https:\/\/masquetennis.es\/wp-content\/uploads\/2021\/04\/logo_ret.png\",\"width\":350,\"height\":220,\"caption\":\"MasQueTennis\"},\"image\":{\"@id\":\"https:\/\/masquetennis.es\/#\/schema\/logo\/image\/\"}}]}<\/script>\n<!-- \/ Yoast SEO plugin. -->","yoast_head_json":{"title":"JP Fase IV - MasQueTennis","robots":{"index":"index","follow":"follow","max-snippet":"max-snippet:-1","max-image-preview":"max-image-preview:large","max-video-preview":"max-video-preview:-1"},"canonical":"https:\/\/masquetennis.es\/index.php\/tformativos\/jp-fase-iv\/","og_locale":"es_ES","og_type":"article","og_title":"JP Fase IV - MasQueTennis","og_description":"II CIRCUITO MASQUETENNIS JOVENES PROMESAS WAGEN MOTORS 10-11 y 17-18 de Abril. Club de Tenis Albacete. Inscripciones hasta el 26 de Marzo Inscripciones: 5\u20ac ya inscritos al torneo \/ 12\u20ac por fases sueltas. ORDEN DE JUEGO 10-11 MARZO Inscripciones Categor\u00eda SUB 10 Inscripciones Categor\u00eda SUB 10 INSCRIPCIONES Inscripciones Categor\u00eda SUB 10 Inscripciones Categor\u00eda ALEVIN Inscripciones [&hellip;]","og_url":"https:\/\/masquetennis.es\/index.php\/tformativos\/jp-fase-iv\/","og_site_name":"MasQueTennis","article_modified_time":"2021-06-01T10:55:08+00:00","og_image":[{"url":"http:\/\/masquetennis.es\/wp-content\/uploads\/2021\/03\/jpwm_fase_VI.jpeg","type":"","width":"","height":""}],"twitter_card":"summary_large_image","schema":{"@context":"https:\/\/schema.org","@graph":[{"@type":"WebPage","@id":"https:\/\/masquetennis.es\/index.php\/tformativos\/jp-fase-iv\/","url":"https:\/\/masquetennis.es\/index.php\/tformativos\/jp-fase-iv\/","name":"JP Fase IV - MasQueTennis","isPartOf":{"@id":"https:\/\/masquetennis.es\/#website"},"primaryImageOfPage":{"@id":"https:\/\/masquetennis.es\/index.php\/tformativos\/jp-fase-iv\/#primaryimage"},"image":{"@id":"https:\/\/masquetennis.es\/index.php\/tformativos\/jp-fase-iv\/#primaryimage"},"thumbnailUrl":"http:\/\/masquetennis.es\/wp-content\/uploads\/2021\/03\/jpwm_fase_VI.jpeg","datePublished":"2021-02-17T09:38:14+00:00","dateModified":"2021-06-01T10:55:08+00:00","breadcrumb":{"@id":"https:\/\/masquetennis.es\/index.php\/tformativos\/jp-fase-iv\/#breadcrumb"},"inLanguage":"es","potentialAction":[{"@type":"ReadAction","target":["https:\/\/masquetennis.es\/index.php\/tformativos\/jp-fase-iv\/"]}]},{"@type":"ImageObject","inLanguage":"es","@id":"https:\/\/masquetennis.es\/index.php\/tformativos\/jp-fase-iv\/#primaryimage","url":"https:\/\/masquetennis.es\/wp-content\/uploads\/2021\/03\/jpwm_fase_VI.jpeg","contentUrl":"https:\/\/masquetennis.es\/wp-content\/uploads\/2021\/03\/jpwm_fase_VI.jpeg","width":724,"height":1024},{"@type":"BreadcrumbList","@id":"https:\/\/masquetennis.es\/index.php\/tformativos\/jp-fase-iv\/#breadcrumb","itemListElement":[{"@type":"ListItem","position":1,"name":"Portada","item":"https:\/\/masquetennis.es\/"},{"@type":"ListItem","position":2,"name":"Torneos Formativos","item":"https:\/\/masquetennis.es\/index.php\/tformativos\/"},{"@type":"ListItem","position":3,"name":"JP Fase IV"}]},{"@type":"WebSite","@id":"https:\/\/masquetennis.es\/#website","url":"https:\/\/masquetennis.es\/","name":"www.masquetennis.es","description":"Formando personas a trav\u00e9s del Tenis","publisher":{"@id":"https:\/\/masquetennis.es\/#organization"},"potentialAction":[{"@type":"SearchAction","target":{"@type":"EntryPoint","urlTemplate":"https:\/\/masquetennis.es\/?s={search_term_string}"},"query-input":{"@type":"PropertyValueSpecification","valueRequired":true,"valueName":"search_term_string"}}],"inLanguage":"es"},{"@type":"Organization","@id":"https:\/\/masquetennis.es\/#organization","name":"MasQueTennis","url":"https:\/\/masquetennis.es\/","logo":{"@type":"ImageObject","inLanguage":"es","@id":"https:\/\/masquetennis.es\/#\/schema\/logo\/image\/","url":"https:\/\/masquetennis.es\/wp-content\/uploads\/2021\/04\/logo_ret.png","contentUrl":"https:\/\/masquetennis.es\/wp-content\/uploads\/2021\/04\/logo_ret.png","width":350,"height":220,"caption":"MasQueTennis"},"image":{"@id":"https:\/\/masquetennis.es\/#\/schema\/logo\/image\/"}}]}},"_links":{"self":[{"href":"https:\/\/masquetennis.es\/index.php\/wp-json\/wp\/v2\/pages\/876","targetHints":{"allow":["GET"]}}],"collection":[{"href":"https:\/\/masquetennis.es\/index.php\/wp-json\/wp\/v2\/pages"}],"about":[{"href":"https:\/\/masquetennis.es\/index.php\/wp-json\/wp\/v2\/types\/page"}],"author":[{"embeddable":true,"href":"https:\/\/masquetennis.es\/index.php\/wp-json\/wp\/v2\/users\/1"}],"replies":[{"embeddable":true,"href":"https:\/\/masquetennis.es\/index.php\/wp-json\/wp\/v2\/comments?post=876"}],"version-history":[{"count":7,"href":"https:\/\/masquetennis.es\/index.php\/wp-json\/wp\/v2\/pages\/876\/revisions"}],"predecessor-version":[{"id":1393,"href":"https:\/\/masquetennis.es\/index.php\/wp-json\/wp\/v2\/pages\/876\/revisions\/1393"}],"up":[{"embeddable":true,"href":"https:\/\/masquetennis.es\/index.php\/wp-json\/wp\/v2\/pages\/465"}],"wp:attachment":[{"href":"https:\/\/masquetennis.es\/index.php\/wp-json\/wp\/v2\/media?parent=876"}],"curies":[{"name":"wp","href":"https:\/\/api.w.org\/{rel}","templated":true}]}}